{"id":5,"date":"2019-07-30T21:57:17","date_gmt":"2019-07-30T21:57:17","guid":{"rendered":"http:\/\/afcatalunya.com\/?page_id=5"},"modified":"2019-11-24T23:18:22","modified_gmt":"2019-11-24T23:18:22","slug":"home","status":"publish","type":"page","link":"https:\/\/alianzafrancesa.es\/ca\/","title":{"rendered":"Home"},"content":{"rendered":"<p>[vc_row css_animation=&#8221;&#8221; row_type=&#8221;row&#8221; use_row_as_full_screen_section=&#8221;no&#8221; type=&#8221;full_width&#8221; angled_section=&#8221;no&#8221; text_align=&#8221;left&#8221; background_image_as_pattern=&#8221;without_pattern&#8221;][vc_column]\n<div id=\"rev_slider_1_1_wrapper\" class=\"rev_slider_wrapper fullwidthbanner-container\" data-source=\"gallery\" style=\"margin:0px auto;background:transparent;padding:0px;margin-top:0px;margin-bottom:0px;\">\n<!-- START REVOLUTION SLIDER 5.4.8.3 fullwidth mode -->\n\t<div id=\"rev_slider_1_1\" class=\"rev_slider fullwidthabanner\" style=\"display:none;\" data-version=\"5.4.8.3\">\n<ul>\t<!-- SLIDE  -->\n\t<li data-index=\"rs-1\" data-transition=\"fade\" data-slotamount=\"default\" data-hideafterloop=\"0\" data-hideslideonmobile=\"off\"  data-easein=\"default\" data-easeout=\"default\" data-masterspeed=\"300\"  data-rotate=\"0\"  data-saveperformance=\"off\"  data-title=\"Slide\" data-param1=\"\" data-param2=\"\" data-param3=\"\" data-param4=\"\" data-param5=\"\" data-param6=\"\" data-param7=\"\" data-param8=\"\" data-param9=\"\" data-param10=\"\" data-description=\"\">\n\t\t<!-- MAIN IMAGE -->\n\t\t<img src=\"https:\/\/alianzafrancesa.es\/wp-content\/uploads\/2019\/11\/salt_eiffel_red.jpg\"  alt=\"\" title=\"salt_eiffel_red\"  width=\"1100\" height=\"226\" data-bgposition=\"center center\" data-bgfit=\"cover\" data-bgrepeat=\"no-repeat\" class=\"rev-slidebg\" data-no-retina>\n\t\t<!-- LAYERS -->\n\n\t\t<!-- LAYER NR. 1 -->\n\t\t<a class=\"tp-caption tp-shape tp-shapewrapper  tp-resizeme\" \n href=\"\/cursos-alliance\/\" target=\"_self\"\t\t\t id=\"slide-1-layer-1\" \n\t\t\t data-x=\"100\" \n\t\t\t data-y=\"100\" \n\t\t\t\t\t\tdata-width=\"['full','full','full','full']\"\n\t\t\tdata-height=\"['full','full','full','full']\"\n \n\t\t\tdata-type=\"shape\" \n\t\t\tdata-actions=''\n\t\t\tdata-responsive_offset=\"on\" \n\n\t\t\tdata-frames='[{\"delay\":0,\"speed\":300,\"frame\":\"0\",\"from\":\"opacity:0;\",\"to\":\"o:1;\",\"ease\":\"Power3.easeInOut\"},{\"delay\":\"wait\",\"speed\":300,\"frame\":\"999\",\"to\":\"opacity:0;\",\"ease\":\"Power3.easeInOut\"}]'\n\t\t\tdata-textAlign=\"['inherit','inherit','inherit','inherit']\"\n\t\t\tdata-paddingtop=\"[0,0,0,0]\"\n\t\t\tdata-paddingright=\"[0,0,0,0]\"\n\t\t\tdata-paddingbottom=\"[0,0,0,0]\"\n\t\t\tdata-paddingleft=\"[0,0,0,0]\"\n\n\t\t\tstyle=\"z-index: 5;background-color:rgba(0,0,0,0);text-decoration: none;\"> <\/a>\n\t<\/li>\n<\/ul>\n<div class=\"tp-bannertimer tp-bottom\" style=\"visibility: hidden !important;\"><\/div>\t<\/div>\n<script>var htmlDiv = document.getElementById(\"rs-plugin-settings-inline-css\"); var htmlDivCss=\"\";\r\n\t\t\t\tif(htmlDiv) {\r\n\t\t\t\t\thtmlDiv.innerHTML = htmlDiv.innerHTML + htmlDivCss;\r\n\t\t\t\t}else{\r\n\t\t\t\t\tvar htmlDiv = document.createElement(\"div\");\r\n\t\t\t\t\thtmlDiv.innerHTML = \"<style>\" + htmlDivCss + \"<\/style>\";\r\n\t\t\t\t\tdocument.getElementsByTagName(\"head\")[0].appendChild(htmlDiv.childNodes[0]);\r\n\t\t\t\t}\r\n\t\t\t<\/script>\n\t\t<script type=\"text\/javascript\">\r\nif (setREVStartSize!==undefined) setREVStartSize(\r\n\t{c: '#rev_slider_1_1', gridwidth: [1240], gridheight: [368], sliderLayout: 'fullwidth'});\r\n\t\t\t\r\nvar revapi1,\r\n\ttpj;\t\r\n(function() {\t\t\t\r\n\tif (!\/loaded|interactive|complete\/.test(document.readyState)) document.addEventListener(\"DOMContentLoaded\",onLoad); else onLoad();\t\r\n\tfunction onLoad() {\t\t\t\t\r\n\t\tif (tpj===undefined) { tpj = jQuery; if(\"off\" == \"on\") tpj.noConflict();}\r\n\tif(tpj(\"#rev_slider_1_1\").revolution == undefined){\n\t\trevslider_showDoubleJqueryError(\"#rev_slider_1_1\");\n\t}else{\n\t\trevapi1 = tpj(\"#rev_slider_1_1\").show().revolution({\n\t\t\tsliderType:\"standard\",\n\t\t\tjsFileLocation:\"\/\/alianzafrancesa.es\/wp-content\/plugins\/revslider\/public\/assets\/js\/\",\n\t\t\tsliderLayout:\"fullwidth\",\n\t\t\tdottedOverlay:\"none\",\n\t\t\tdelay:9000,\n\t\t\tnavigation: {\n\t\t\t\tonHoverStop:\"off\",\n\t\t\t},\n\t\t\tvisibilityLevels:[1240,1024,778,480],\n\t\t\tgridwidth:1240,\n\t\t\tgridheight:368,\n\t\t\tlazyType:\"none\",\n\t\t\tshadow:0,\n\t\t\tspinner:\"spinner0\",\n\t\t\tstopLoop:\"off\",\n\t\t\tstopAfterLoops:-1,\n\t\t\tstopAtSlide:-1,\n\t\t\tshuffle:\"off\",\n\t\t\tautoHeight:\"off\",\n\t\t\tdisableProgressBar:\"on\",\n\t\t\thideThumbsOnMobile:\"off\",\n\t\t\thideSliderAtLimit:0,\n\t\t\thideCaptionAtLimit:0,\n\t\t\thideAllCaptionAtLilmit:0,\n\t\t\tdebugMode:false,\n\t\t\tfallbacks: {\n\t\t\t\tsimplifyAll:\"off\",\n\t\t\t\tnextSlideOnWindowFocus:\"off\",\n\t\t\t\tdisableFocusListener:false,\n\t\t\t}\n\t\t});\n\t}; \/* END OF revapi call *\/\n\t\n }; \/* END OF ON LOAD FUNCTION *\/\r\n}()); \/* END OF WRAPPING FUNCTION *\/\r\n<\/script>\r\n\t\t<\/div><!-- END REVOLUTION SLIDER -->[\/vc_column][\/vc_row][vc_row css_animation=&#8221;&#8221; row_type=&#8221;row&#8221; use_row_as_full_screen_section=&#8221;no&#8221; type=&#8221;full_width&#8221; angled_section=&#8221;no&#8221; text_align=&#8221;center&#8221; background_image_as_pattern=&#8221;without_pattern&#8221; z_index=&#8221;&#8221; el_class=&#8221;row-margin-afcatalunya&#8221;][vc_column][vc_column_text]<\/p>\n<h2 class=\"tit_red\">PERQU\u00c8 ESTUDIAR<\/h2>\n<h1 class=\"tit_blue\">a l\u2019Alian\u00e7a Francesa?<\/h1>\n<p>[\/vc_column_text][\/vc_column][\/vc_row][vc_row css_animation=&#8221;&#8221; row_type=&#8221;row&#8221; use_row_as_full_screen_section=&#8221;no&#8221; type=&#8221;full_width&#8221; angled_section=&#8221;no&#8221; text_align=&#8221;left&#8221; background_image_as_pattern=&#8221;without_pattern&#8221; z_index=&#8221;&#8221; el_class=&#8221;row-margin-afcatalunya&#8221;][vc_column width=&#8221;1\/5&#8243; el_class=&#8221;af-row-back-grey&#8221;]<div class='q_icon_with_title medium custom_icon_image center qode_iwt_hover_enabled '><div class=\"icon_holder \" style=\"margin: 0px 0px 15px 0px; \"><img itemprop=\"image\" style=\"margin: 0px 0px 15px 0px;\" src=\"https:\/\/alianzafrancesa.es\/wp-content\/uploads\/2019\/07\/professors.png\" alt=\"\"><\/div><div class=\"icon_text_holder\" style=\"\"><div class=\"icon_text_inner\" style=\"\"><h4 class=\"icon_title\" style=\"\">Disposem d\u2019un equip de docents altament qualificats<\/h4><p style=''><\/p><\/div><\/div><\/div>[\/vc_column][vc_column width=&#8221;1\/5&#8243; el_class=&#8221;af-row-back-grey&#8221;]<div class='q_icon_with_title medium custom_icon_image center qode_iwt_hover_enabled '><div class=\"icon_holder \" style=\"margin: 0px 0px 15px 0px; \"><img itemprop=\"image\" style=\"margin: 0px 0px 15px 0px;\" src=\"https:\/\/alianzafrancesa.es\/wp-content\/uploads\/2019\/07\/mundial.png\" alt=\"\"><\/div><div class=\"icon_text_holder\" style=\"\"><div class=\"icon_text_inner\" style=\"\"><h4 class=\"icon_title\" style=\"\">Una xarxa mundial d\u2019escoles present a 130 pa\u00efsos<\/h4><p style=''><\/p><\/div><\/div><\/div>[\/vc_column][vc_column width=&#8221;1\/5&#8243; el_class=&#8221;af-row-back-grey&#8221;]<div class='q_icon_with_title medium custom_icon_image center qode_iwt_hover_enabled '><div class=\"icon_holder \" style=\"margin: 0px 0px 15px 0px; \"><img itemprop=\"image\" style=\"margin: 0px 0px 15px 0px;\" src=\"https:\/\/alianzafrancesa.es\/wp-content\/uploads\/2019\/07\/art.png\" alt=\"\"><\/div><div class=\"icon_text_holder\" style=\"\"><div class=\"icon_text_inner\" style=\"\"><h4 class=\"icon_title\" style=\"\">Esdeveniments culturals exclusius per estudiants<\/h4><p style=''><\/p><\/div><\/div><\/div>[\/vc_column][vc_column width=&#8221;1\/5&#8243; el_class=&#8221;af-row-back-grey&#8221;]<div class='q_icon_with_title medium custom_icon_image center qode_iwt_hover_enabled '><div class=\"icon_holder \" style=\"margin: 0px 0px 15px 0px; \"><img itemprop=\"image\" style=\"margin: 0px 0px 15px 0px;\" src=\"https:\/\/alianzafrancesa.es\/wp-content\/uploads\/2019\/07\/tutories.png\" alt=\"\"><\/div><div class=\"icon_text_holder\" style=\"\"><div class=\"icon_text_inner\" style=\"\"><h4 class=\"icon_title\" style=\"\">Tutories personalitzades gratu\u00eftes<\/h4><p style=''><\/p><\/div><\/div><\/div>[\/vc_column][vc_column width=&#8221;1\/5&#8243; el_class=&#8221;af-row-back-grey&#8221;]<div class='q_icon_with_title medium custom_icon_image center qode_iwt_hover_enabled '><div class=\"icon_holder \" style=\"margin: 0px 0px 15px 0px; \"><img itemprop=\"image\" style=\"margin: 0px 0px 15px 0px;\" src=\"https:\/\/alianzafrancesa.es\/wp-content\/uploads\/2019\/07\/biblioteca.png\" alt=\"\"><\/div><div class=\"icon_text_holder\" style=\"\"><div class=\"icon_text_inner\" style=\"\"><h4 class=\"icon_title\" style=\"\">Acc\u00e9s gratu\u00eft a mediateques i cultureth\u00e8que<\/h4><p style=''><\/p><\/div><\/div><\/div>[\/vc_column][\/vc_row][vc_row css_animation=&#8221;&#8221; row_type=&#8221;row&#8221; use_row_as_full_screen_section=&#8221;no&#8221; type=&#8221;full_width&#8221; angled_section=&#8221;no&#8221; text_align=&#8221;center&#8221; background_image_as_pattern=&#8221;without_pattern&#8221; z_index=&#8221;&#8221; el_class=&#8221;row-margin-afcatalunya&#8221;][vc_column][vc_single_image image=&#8221;55&#8243; img_size=&#8221;full&#8221; alignment=&#8221;center&#8221; qode_css_animation=&#8221;&#8221;][\/vc_column][\/vc_row][vc_row css_animation=&#8221;&#8221; row_type=&#8221;row&#8221; use_row_as_full_screen_section=&#8221;no&#8221; type=&#8221;full_width&#8221; angled_section=&#8221;no&#8221; text_align=&#8221;center&#8221; background_image_as_pattern=&#8221;without_pattern&#8221; z_index=&#8221;&#8221; el_class=&#8221;row-margin-afcatalunya&#8221;][vc_column][vc_column_text]<\/p>\n<h2 class=\"tit_red\">ESCULL UN DELS NOSTRES<\/h2>\n<h1 class=\"tit_blue\">Centres formatius<\/h1>\n<p>[\/vc_column_text][\/vc_column][\/vc_row][vc_row css_animation=&#8221;&#8221; row_type=&#8221;row&#8221; use_row_as_full_screen_section=&#8221;no&#8221; type=&#8221;full_width&#8221; angled_section=&#8221;no&#8221; text_align=&#8221;center&#8221; background_image_as_pattern=&#8221;without_pattern&#8221; z_index=&#8221;&#8221; el_class=&#8221;row-margin-afcatalunya row-image-hover&#8221;][vc_column el_class=&#8221;column-no-padding-afcatalunya&#8221;][vc_column_text][\/vc_column_text][\/vc_column][\/vc_row][vc_row css_animation=&#8221;&#8221; row_type=&#8221;row&#8221; use_row_as_full_screen_section=&#8221;no&#8221; type=&#8221;full_width&#8221; angled_section=&#8221;no&#8221; text_align=&#8221;center&#8221; background_image_as_pattern=&#8221;without_pattern&#8221; z_index=&#8221;&#8221; el_class=&#8221;row-margin-afcatalunya&#8221;][vc_column][vc_single_image image=&#8221;55&#8243; img_size=&#8221;full&#8221; alignment=&#8221;center&#8221; qode_css_animation=&#8221;&#8221;][\/vc_column][\/vc_row][vc_row css_animation=&#8221;&#8221; row_type=&#8221;row&#8221; use_row_as_full_screen_section=&#8221;no&#8221; type=&#8221;full_width&#8221; angled_section=&#8221;no&#8221; text_align=&#8221;left&#8221; background_image_as_pattern=&#8221;without_pattern&#8221; el_class=&#8221;afctalunya-latestposts-home-title&#8221; z_index=&#8221;&#8221;][vc_column el_class=&#8221;afctalunya-latestposts-home&#8221;][vc_column_text el_class=&#8221;tit-home-agenda&#8221;]Agenda d\u2019activitats[\/vc_column_text][\/vc_column][\/vc_row][vc_row css_animation=&#8221;&#8221; row_type=&#8221;row&#8221; use_row_as_full_screen_section=&#8221;no&#8221; type=&#8221;full_width&#8221; angled_section=&#8221;no&#8221; text_align=&#8221;left&#8221; background_image_as_pattern=&#8221;without_pattern&#8221; el_class=&#8221;afctalunya-latestposts-home-row&#8221; z_index=&#8221;&#8221; css=&#8221;.vc_custom_1564522163694{margin-bottom: 40px !important;}&#8221;][vc_column el_class=&#8221;afctalunya-latestposts-home&#8221;]\n<div class='latest_post_holder boxes three_columns one_row' >\n    <ul>\n    \n        <li class=\"clearfix\">\n            <div class=\"boxes_image\">\n                <a itemprop=\"url\" href=\"https:\/\/alianzafrancesa.es\/ca\/mapa\/\"><\/a>\n            <\/div>\n            <div class=\"latest_post\"  >\n                <div class=\"latest_post_text\">\n                    <div class=\"latest_post_inner\">\n                        <div class=\"latest_post_text_inner\">\n                            <h4 itemprop=\"name\" class=\"latest_post_title entry_title\"><a itemprop=\"url\" href=\"https:\/\/alianzafrancesa.es\/ca\/mapa\/\">Mapa<\/a><\/h4>\n                            <p class=\"excerpt\">...<\/p>\n                            <span class=\"post_infos\">\n                                                                    <span class=\"date_hour_holder\">\n                                        <span itemprop=\"dateCreated\" class=\"date entry_date updated\">24 novembre, 2019 <meta itemprop=\"interactionCount\" content=\"UserComments: 0\"\/><\/span>\n                                    <\/span>\n                                                                                                    <span class=\"dots\"><i class=\"fa fa-square\"><\/i><\/span>\n                                                                            <a itemprop=\"url\" href=\"https:\/\/alianzafrancesa.es\/ca\/category\/sense-categoria\/\">Sense categoria<\/a>\n                                                                    \n                                \n                                                            <\/span>\n                        <\/div>\n                    <\/div>\n                <\/div>\n            <\/div>\n        <\/li>\n    \n        <li class=\"clearfix\">\n            <div class=\"boxes_image\">\n                <a itemprop=\"url\" href=\"https:\/\/alianzafrancesa.es\/ca\/lectura-de-poemes\/\"><img width=\"500\" height=\"303\" src=\"https:\/\/alianzafrancesa.es\/wp-content\/uploads\/2019\/09\/delf-dalf-logo-new-500x303.png\" class=\"attachment-latest_post_boxes size-latest_post_boxes wp-post-image\" alt=\"\" loading=\"lazy\" \/><\/a>\n            <\/div>\n            <div class=\"latest_post\"  >\n                <div class=\"latest_post_text\">\n                    <div class=\"latest_post_inner\">\n                        <div class=\"latest_post_text_inner\">\n                            <h4 itemprop=\"name\" class=\"latest_post_title entry_title\"><a itemprop=\"url\" href=\"https:\/\/alianzafrancesa.es\/ca\/lectura-de-poemes\/\">Convoc\u00e0toria proves DELF\/DALF octubre 2019<\/a><\/h4>\n                            <p class=\"excerpt\">Queda obert el pe\u00edode de inscripci\u00f3, fin el 27 de setembre, per la convocat\u00f2ria de les proves dels diplomes DELF (junior i adults) i DALF que tindr\u00e1n lloc al mes d&#8217;octubre. Per am\u00e9s informaci\u00f3 consulteu la web www.examensdelf.cat...<\/p>\n                            <span class=\"post_infos\">\n                                                                    <span class=\"date_hour_holder\">\n                                        <span itemprop=\"dateCreated\" class=\"date entry_date updated\">02 setembre, 2019 <meta itemprop=\"interactionCount\" content=\"UserComments: 0\"\/><\/span>\n                                    <\/span>\n                                                                                                    <span class=\"dots\"><i class=\"fa fa-square\"><\/i><\/span>\n                                                                            <a itemprop=\"url\" href=\"https:\/\/alianzafrancesa.es\/ca\/category\/examens\/\">Ex\u00e0mens<\/a>\n                                                                            <a itemprop=\"url\" href=\"https:\/\/alianzafrancesa.es\/ca\/category\/girona\/\">Girona<\/a>\n                                                                            <a itemprop=\"url\" href=\"https:\/\/alianzafrancesa.es\/ca\/category\/granollers\/\">Granollers<\/a>\n                                                                            <a itemprop=\"url\" href=\"https:\/\/alianzafrancesa.es\/ca\/category\/lleida\/\">Lleida<\/a>\n                                                                    \n                                \n                                                            <\/span>\n                        <\/div>\n                    <\/div>\n                <\/div>\n            <\/div>\n        <\/li>\n    \n        <li class=\"clearfix\">\n            <div class=\"boxes_image\">\n                <a itemprop=\"url\" href=\"https:\/\/alianzafrancesa.es\/ca\/hello-world\/\"><img width=\"539\" height=\"303\" src=\"https:\/\/alianzafrancesa.es\/wp-content\/uploads\/2016\/05\/Nena-mailng-539x303.jpg\" class=\"attachment-latest_post_boxes size-latest_post_boxes wp-post-image\" alt=\"\" loading=\"lazy\" \/><\/a>\n            <\/div>\n            <div class=\"latest_post\"  >\n                <div class=\"latest_post_text\">\n                    <div class=\"latest_post_inner\">\n                        <div class=\"latest_post_text_inner\">\n                            <h4 itemprop=\"name\" class=\"latest_post_title entry_title\"><a itemprop=\"url\" href=\"https:\/\/alianzafrancesa.es\/ca\/hello-world\/\">Inscripci\u00f3 curs 2019-2020<\/a><\/h4>\n                            <p class=\"excerpt\">A partir del 2 de setembre s&#8217;obre el per\u00edode de inscripci\u00f3 per als nous cursos 2019-2020....<\/p>\n                            <span class=\"post_infos\">\n                                                                    <span class=\"date_hour_holder\">\n                                        <span itemprop=\"dateCreated\" class=\"date entry_date updated\">02 setembre, 2019 <meta itemprop=\"interactionCount\" content=\"UserComments: 1\"\/><\/span>\n                                    <\/span>\n                                                                                                    <span class=\"dots\"><i class=\"fa fa-square\"><\/i><\/span>\n                                                                            <a itemprop=\"url\" href=\"https:\/\/alianzafrancesa.es\/ca\/category\/girona\/\">Girona<\/a>\n                                                                            <a itemprop=\"url\" href=\"https:\/\/alianzafrancesa.es\/ca\/category\/granollers\/\">Granollers<\/a>\n                                                                            <a itemprop=\"url\" href=\"https:\/\/alianzafrancesa.es\/ca\/category\/lleida\/\">Lleida<\/a>\n                                                                    \n                                \n                                                            <\/span>\n                        <\/div>\n                    <\/div>\n                <\/div>\n            <\/div>\n        <\/li>\n        <\/ul>\n<\/div>[\/vc_column][\/vc_row]<\/p>\n","protected":false},"excerpt":{"rendered":"<p>[vc_row css_animation=&#8221;&#8221; row_type=&#8221;row&#8221; use_row_as_full_screen_section=&#8221;no&#8221; type=&#8221;full_width&#8221; angled_section=&#8221;no&#8221; text_align=&#8221;left&#8221; background_image_as_pattern=&#8221;without_pattern&#8221;][vc_column][\/vc_column][\/vc_row][vc_row css_animation=&#8221;&#8221; row_type=&#8221;row&#8221; use_row_as_full_screen_section=&#8221;no&#8221; type=&#8221;full_width&#8221; angled_section=&#8221;no&#8221; text_align=&#8221;center&#8221; background_image_as_pattern=&#8221;without_pattern&#8221; z_index=&#8221;&#8221; el_class=&#8221;row-margin-afcatalunya&#8221;][vc_column][vc_column_text] PERQU\u00c8 ESTUDIAR a l\u2019Alian\u00e7a Francesa? [\/vc_column_text][\/vc_column][\/vc_row][vc_row css_animation=&#8221;&#8221; row_type=&#8221;row&#8221; use_row_as_full_screen_section=&#8221;no&#8221; type=&#8221;full_width&#8221; angled_section=&#8221;no&#8221; text_align=&#8221;left&#8221; background_image_as_pattern=&#8221;without_pattern&#8221; z_index=&#8221;&#8221; el_class=&#8221;row-margin-afcatalunya&#8221;][vc_column width=&#8221;1\/5&#8243; el_class=&#8221;af-row-back-grey&#8221;][\/vc_column][vc_column width=&#8221;1\/5&#8243; el_class=&#8221;af-row-back-grey&#8221;][\/vc_column][vc_column width=&#8221;1\/5&#8243; el_class=&#8221;af-row-back-grey&#8221;][\/vc_column][vc_column width=&#8221;1\/5&#8243; el_class=&#8221;af-row-back-grey&#8221;][\/vc_column][vc_column width=&#8221;1\/5&#8243; el_class=&#8221;af-row-back-grey&#8221;][\/vc_column][\/vc_row][vc_row css_animation=&#8221;&#8221; row_type=&#8221;row&#8221; use_row_as_full_screen_section=&#8221;no&#8221;&#8230;<\/p>\n","protected":false},"author":1,"featured_media":0,"parent":0,"menu_order":0,"comment_status":"closed","ping_status":"closed","template":"","meta":[],"_links":{"self":[{"href":"https:\/\/alianzafrancesa.es\/ca\/wp-json\/wp\/v2\/pages\/5"}],"collection":[{"href":"https:\/\/alianzafrancesa.es\/ca\/wp-json\/wp\/v2\/pages"}],"about":[{"href":"https:\/\/alianzafrancesa.es\/ca\/wp-json\/wp\/v2\/types\/page"}],"author":[{"embeddable":true,"href":"https:\/\/alianzafrancesa.es\/ca\/wp-json\/wp\/v2\/users\/1"}],"replies":[{"embeddable":true,"href":"https:\/\/alianzafrancesa.es\/ca\/wp-json\/wp\/v2\/comments?post=5"}],"version-history":[{"count":60,"href":"https:\/\/alianzafrancesa.es\/ca\/wp-json\/wp\/v2\/pages\/5\/revisions"}],"predecessor-version":[{"id":619,"href":"https:\/\/alianzafrancesa.es\/ca\/wp-json\/wp\/v2\/pages\/5\/revisions\/619"}],"wp:attachment":[{"href":"https:\/\/alianzafrancesa.es\/ca\/wp-json\/wp\/v2\/media?parent=5"}],"curies":[{"name":"wp","href":"https:\/\/api.w.org\/{rel}","templated":true}]}}