{"id":294,"date":"2019-09-05T09:25:01","date_gmt":"2019-09-05T09:25:01","guid":{"rendered":"http:\/\/afcatalunya.com\/?page_id=294"},"modified":"2019-09-05T09:28:09","modified_gmt":"2019-09-05T09:28:09","slug":"cursets-destiu","status":"publish","type":"page","link":"https:\/\/alianzafrancesa.es\/ca\/cursos-alliance\/cursets-destiu\/","title":{"rendered":"Cursets d&#8217;estiu"},"content":{"rendered":"<p>[vc_row css_animation=&#8221;&#8221; row_type=&#8221;row&#8221; use_row_as_full_screen_section=&#8221;no&#8221; type=&#8221;full_width&#8221; angled_section=&#8221;no&#8221; text_align=&#8221;left&#8221; background_image_as_pattern=&#8221;without_pattern&#8221;][vc_column]\n<div id=\"rev_slider_13_1_wrapper\" class=\"rev_slider_wrapper fullwidthbanner-container\" data-source=\"gallery\" style=\"margin:0px auto;background:transparent;padding:0px;margin-top:0px;margin-bottom:0px;\">\n<!-- START REVOLUTION SLIDER 5.4.8.3 fullwidth mode -->\n\t<div id=\"rev_slider_13_1\" class=\"rev_slider fullwidthabanner\" style=\"display:none;\" data-version=\"5.4.8.3\">\n<ul>\t<!-- SLIDE  -->\n\t<li data-index=\"rs-13\" data-transition=\"fade\" data-slotamount=\"default\" data-hideafterloop=\"0\" data-hideslideonmobile=\"off\"  data-easein=\"default\" data-easeout=\"default\" data-masterspeed=\"300\"  data-rotate=\"0\"  data-saveperformance=\"off\"  data-title=\"Slide\" data-param1=\"\" data-param2=\"\" data-param3=\"\" data-param4=\"\" data-param5=\"\" data-param6=\"\" data-param7=\"\" data-param8=\"\" data-param9=\"\" data-param10=\"\" data-description=\"\">\n\t\t<!-- MAIN IMAGE -->\n\t\t<img src=\"https:\/\/alianzafrancesa.es\/wp-content\/uploads\/2019\/09\/estiu.jpg\"  alt=\"\" title=\"estiu\"  width=\"2000\" height=\"400\" data-bgposition=\"center center\" data-bgfit=\"cover\" data-bgrepeat=\"no-repeat\" class=\"rev-slidebg\" data-no-retina>\n\t\t<!-- LAYERS -->\n\t<\/li>\n<\/ul>\n<div class=\"tp-bannertimer tp-bottom\" style=\"visibility: hidden !important;\"><\/div>\t<\/div>\n<script>var htmlDiv = document.getElementById(\"rs-plugin-settings-inline-css\"); var htmlDivCss=\"\";\r\n\t\t\t\tif(htmlDiv) {\r\n\t\t\t\t\thtmlDiv.innerHTML = htmlDiv.innerHTML + htmlDivCss;\r\n\t\t\t\t}else{\r\n\t\t\t\t\tvar htmlDiv = document.createElement(\"div\");\r\n\t\t\t\t\thtmlDiv.innerHTML = \"<style>\" + htmlDivCss + \"<\/style>\";\r\n\t\t\t\t\tdocument.getElementsByTagName(\"head\")[0].appendChild(htmlDiv.childNodes[0]);\r\n\t\t\t\t}\r\n\t\t\t<\/script>\n\t\t<script type=\"text\/javascript\">\r\nif (setREVStartSize!==undefined) setREVStartSize(\r\n\t{c: '#rev_slider_13_1', gridwidth: [1240], gridheight: [368], sliderLayout: 'fullwidth'});\r\n\t\t\t\r\nvar revapi13,\r\n\ttpj;\t\r\n(function() {\t\t\t\r\n\tif (!\/loaded|interactive|complete\/.test(document.readyState)) document.addEventListener(\"DOMContentLoaded\",onLoad); else onLoad();\t\r\n\tfunction onLoad() {\t\t\t\t\r\n\t\tif (tpj===undefined) { tpj = jQuery; if(\"off\" == \"on\") tpj.noConflict();}\r\n\tif(tpj(\"#rev_slider_13_1\").revolution == undefined){\n\t\trevslider_showDoubleJqueryError(\"#rev_slider_13_1\");\n\t}else{\n\t\trevapi13 = tpj(\"#rev_slider_13_1\").show().revolution({\n\t\t\tsliderType:\"standard\",\n\t\t\tjsFileLocation:\"\/\/alianzafrancesa.es\/wp-content\/plugins\/revslider\/public\/assets\/js\/\",\n\t\t\tsliderLayout:\"fullwidth\",\n\t\t\tdottedOverlay:\"none\",\n\t\t\tdelay:9000,\n\t\t\tnavigation: {\n\t\t\t\tonHoverStop:\"off\",\n\t\t\t},\n\t\t\tvisibilityLevels:[1240,1024,778,480],\n\t\t\tgridwidth:1240,\n\t\t\tgridheight:368,\n\t\t\tlazyType:\"none\",\n\t\t\tshadow:0,\n\t\t\tspinner:\"spinner0\",\n\t\t\tstopLoop:\"off\",\n\t\t\tstopAfterLoops:-1,\n\t\t\tstopAtSlide:-1,\n\t\t\tshuffle:\"off\",\n\t\t\tautoHeight:\"off\",\n\t\t\tdisableProgressBar:\"on\",\n\t\t\thideThumbsOnMobile:\"off\",\n\t\t\thideSliderAtLimit:0,\n\t\t\thideCaptionAtLimit:0,\n\t\t\thideAllCaptionAtLilmit:0,\n\t\t\tdebugMode:false,\n\t\t\tfallbacks: {\n\t\t\t\tsimplifyAll:\"off\",\n\t\t\t\tnextSlideOnWindowFocus:\"off\",\n\t\t\t\tdisableFocusListener:false,\n\t\t\t}\n\t\t});\n\t}; \/* END OF revapi call *\/\n\t\n }; \/* END OF ON LOAD FUNCTION *\/\r\n}()); \/* END OF WRAPPING FUNCTION *\/\r\n<\/script>\r\n\t\t<\/div><!-- END REVOLUTION SLIDER -->[\/vc_column][\/vc_row][vc_row css_animation=&#8221;&#8221; row_type=&#8221;row&#8221; use_row_as_full_screen_section=&#8221;no&#8221; type=&#8221;full_width&#8221; angled_section=&#8221;no&#8221; text_align=&#8221;center&#8221; background_image_as_pattern=&#8221;without_pattern&#8221; z_index=&#8221;&#8221; el_class=&#8221;row-margin-afcatalunya&#8221;][vc_column][vc_column_text]<\/p>\n<h2 class=\"tit_red\">CURSETS<\/h2>\n<h1 class=\"tit_blue\">D&#8217;estiu<\/h1>\n<p>[\/vc_column_text][\/vc_column][\/vc_row][vc_row css_animation=&#8221;&#8221; row_type=&#8221;row&#8221; use_row_as_full_screen_section=&#8221;no&#8221; type=&#8221;grid&#8221; angled_section=&#8221;no&#8221; text_align=&#8221;left&#8221; background_image_as_pattern=&#8221;without_pattern&#8221; z_index=&#8221;&#8221; el_class=&#8221;af-qui-som-row1&#8243; css=&#8221;.vc_custom_1565259056186{margin-top: 30px !important;}&#8221;][vc_column width=&#8221;1\/2&#8243; el_class=&#8221;af-cursos-detall-col1&#8243;][vc_column_text el_class=&#8221;af-qui-som-subtit&#8221;]Les lleng\u00fces, una eina pel futur[\/vc_column_text][vc_column_text css=&#8221;.vc_custom_1565351098850{margin-top: 15px !important;}&#8221;]Una excel\u00b7lent opci\u00f3 despr\u00e8s de l\u2019escola. Iniciar-se a una altra llengua \u00e9s<br \/>\ntamb\u00e9 millorar les seves compet\u00e8ncies a l\u2019escola, a l\u2019institut o en altres<br \/>\n\u00e0mbits d\u2019estudi.<\/p>\n<p>Les lleng\u00fces s\u00f3n un valor fonamental pel seu futur laboral i professional.[\/vc_column_text][\/vc_column][vc_column width=&#8221;1\/2&#8243; el_class=&#8221;af-cursos-detall-col2 af-modalitats-list&#8221;][vc_column_text el_class=&#8221;af-qui-som-subtit&#8221;]Modalitats[\/vc_column_text][vc_column_text css=&#8221;.vc_custom_1565351136135{margin-top: 15px !important;}&#8221;]<\/p>\n<ol>\n<li>Cursos extensius. Refor\u00e7ar la teva formaci\u00f3 acad\u00e8mica.<\/li>\n<li>Expressi\u00f3 oral. Millora la teva flu\u00efdesa ling\u00fc\u00edstica.<\/li>\n<li>Preparaci\u00f3 DELF. Tallers de preparaci\u00f3 per als ex\u00e0mens DELF.<\/li>\n<li>Cursos intensius. Cursos extensius<\/li>\n<\/ol>\n<p>[\/vc_column_text][\/vc_column][\/vc_row][vc_row css_animation=&#8221;&#8221; row_type=&#8221;row&#8221; use_row_as_full_screen_section=&#8221;no&#8221; type=&#8221;full_width&#8221; angled_section=&#8221;no&#8221; text_align=&#8221;center&#8221; background_image_as_pattern=&#8221;without_pattern&#8221; z_index=&#8221;&#8221; el_class=&#8221;row-margin-afcatalunya&#8221;][vc_column][vc_single_image image=&#8221;55&#8243; img_size=&#8221;full&#8221; alignment=&#8221;center&#8221; qode_css_animation=&#8221;&#8221;][\/vc_column][\/vc_row]<\/p>\n","protected":false},"excerpt":{"rendered":"<p>[vc_row css_animation=&#8221;&#8221; row_type=&#8221;row&#8221; use_row_as_full_screen_section=&#8221;no&#8221; type=&#8221;full_width&#8221; angled_section=&#8221;no&#8221; text_align=&#8221;left&#8221; background_image_as_pattern=&#8221;without_pattern&#8221;][vc_column][\/vc_column][\/vc_row][vc_row css_animation=&#8221;&#8221; row_type=&#8221;row&#8221; use_row_as_full_screen_section=&#8221;no&#8221; type=&#8221;full_width&#8221; angled_section=&#8221;no&#8221; text_align=&#8221;center&#8221; background_image_as_pattern=&#8221;without_pattern&#8221; z_index=&#8221;&#8221; el_class=&#8221;row-margin-afcatalunya&#8221;][vc_column][vc_column_text] CURSETS D&#8217;estiu [\/vc_column_text][\/vc_column][\/vc_row][vc_row css_animation=&#8221;&#8221; row_type=&#8221;row&#8221; use_row_as_full_screen_section=&#8221;no&#8221; type=&#8221;grid&#8221; angled_section=&#8221;no&#8221; text_align=&#8221;left&#8221; background_image_as_pattern=&#8221;without_pattern&#8221; z_index=&#8221;&#8221; el_class=&#8221;af-qui-som-row1&#8243; css=&#8221;.vc_custom_1565259056186{margin-top: 30px !important;}&#8221;][vc_column width=&#8221;1\/2&#8243; el_class=&#8221;af-cursos-detall-col1&#8243;][vc_column_text el_class=&#8221;af-qui-som-subtit&#8221;]Les lleng\u00fces, una eina pel futur[\/vc_column_text][vc_column_text css=&#8221;.vc_custom_1565351098850{margin-top: 15px !important;}&#8221;]Una excel\u00b7lent opci\u00f3&#8230;<\/p>\n","protected":false},"author":1,"featured_media":0,"parent":155,"menu_order":0,"comment_status":"closed","ping_status":"closed","template":"","meta":[],"_links":{"self":[{"href":"https:\/\/alianzafrancesa.es\/ca\/wp-json\/wp\/v2\/pages\/294"}],"collection":[{"href":"https:\/\/alianzafrancesa.es\/ca\/wp-json\/wp\/v2\/pages"}],"about":[{"href":"https:\/\/alianzafrancesa.es\/ca\/wp-json\/wp\/v2\/types\/page"}],"author":[{"embeddable":true,"href":"https:\/\/alianzafrancesa.es\/ca\/wp-json\/wp\/v2\/users\/1"}],"replies":[{"embeddable":true,"href":"https:\/\/alianzafrancesa.es\/ca\/wp-json\/wp\/v2\/comments?post=294"}],"version-history":[{"count":3,"href":"https:\/\/alianzafrancesa.es\/ca\/wp-json\/wp\/v2\/pages\/294\/revisions"}],"predecessor-version":[{"id":304,"href":"https:\/\/alianzafrancesa.es\/ca\/wp-json\/wp\/v2\/pages\/294\/revisions\/304"}],"up":[{"embeddable":true,"href":"https:\/\/alianzafrancesa.es\/ca\/wp-json\/wp\/v2\/pages\/155"}],"wp:attachment":[{"href":"https:\/\/alianzafrancesa.es\/ca\/wp-json\/wp\/v2\/media?parent=294"}],"curies":[{"name":"wp","href":"https:\/\/api.w.org\/{rel}","templated":true}]}}